{"id":662,"date":"2025-03-07T10:15:58","date_gmt":"2025-03-07T10:15:58","guid":{"rendered":"https:\/\/salgueiras.org\/?page_id=662"},"modified":"2025-03-07T10:32:35","modified_gmt":"2025-03-07T10:32:35","slug":"politica-de-privacidad","status":"publish","type":"page","link":"https:\/\/salgueiras.org\/index.php\/politica-de-privacidad\/","title":{"rendered":"Pol\u00edtica de Privacidad"},"content":{"rendered":"<p>[et_pb_section fb_built=\u00bb1&#8243; _builder_version=\u00bb4.27.4&#8243; _module_preset=\u00bbdefault\u00bb global_colors_info=\u00bb{}\u00bb][et_pb_row _builder_version=\u00bb4.27.4&#8243; _module_preset=\u00bbdefault\u00bb global_colors_info=\u00bb{}\u00bb][et_pb_column type=\u00bb4_4&#8243; _builder_version=\u00bb4.27.4&#8243; _module_preset=\u00bbdefault\u00bb global_colors_info=\u00bb{}\u00bb][et_pb_text _builder_version=\u00bb4.27.4&#8243; _module_preset=\u00bbdefault\u00bb hover_enabled=\u00bb0&#8243; global_colors_info=\u00bb{}\u00bb custom_margin=\u00bb100px||100px||false|false\u00bb sticky_enabled=\u00bb0&#8243;]<\/p>\n<p>En su calidad de Usuario, FUNDACI\u00d3N AS SALGUEIRAS le informa de su pol\u00edtica de protecci\u00f3n de datos de car\u00e1cter personal para que libre y voluntariamente pueda decidir facilitarnos, los datos personales que le podamos requerir para acceder a los distintos servicios y contenidos ofertados en nuestra p\u00e1gina web.<\/p>\n<p>Conforme a lo dispuesto en el Reglamento (UE) 679\/2016 del Parlamento y del Consejo de 27 de abril de 2016 relativo a la protecci\u00f3n de las personas f\u00edsicas en lo que respecta al tratamiento de datos personales y a la libre circulaci\u00f3n de esos datos (en adelante, \u201cRGPD\u201d) y a la normativa de desarrollo que lo complementa, le informamos:<\/p>\n<h5 class=\"my-3\">1.- \u00bfQui\u00e9n es el responsable de sus datos?<\/h5>\n<p>FUNDACI\u00d3N AS SALGUEIRAS, provista de CIF G70288204, con domicilio en Lugar de As Salgueiras, Soandres, 15145, Laracha \u2013 A Coru\u00f1a.<\/p>\n<h5 class=\"my-3\">2.- \u00bfCon qu\u00e9 finalidad tratamos sus datos?<\/h5>\n<h6 class=\"my-3\">Consultas y Solicitudes<\/h6>\n<p>Gestionar las consultas y solicitudes que a trav\u00e9s de cualquier formulario electr\u00f3nico disponible en el sitio web o a trav\u00e9s de correo electr\u00f3nico nos hagan los usuarios que visiten el sitio web. Las preguntas o campos incluidos en los formularios tienen car\u00e1cter voluntario salvo aquellas que contengan un asterisco (*) que son obligatorias. En el caso de no contestar o cumplimentar las preguntas o campos obligatorios, AS SALGUEIRAS se reserva el derecho a tramitar la consulta o solicitud.<\/p>\n<h6 class=\"my-3\">Env\u00edo de informaci\u00f3n sobre nuestras actividades<\/h6>\n<p>Solamente aquellas personas que expresamente lo acepten recibir\u00e1n correos electr\u00f3nicos (bolet\u00edn de noticias) con informaci\u00f3n de la Fundaci\u00f3n y sus actividades sociales. En cualquier momento, los interesados podr\u00e1n acceder a sus datos, y ejercer sus derechos de rectificaci\u00f3n, supresi\u00f3n y oposici\u00f3n.<\/p>\n<p>Los datos personales obtenidos ser\u00e1n tratados con las siguientes finalidades:<\/p>\n<ul>\n<li>Remitir electr\u00f3nicamente boletines con noticias relacionadas con nuestra actividad.<\/li>\n<li>Informar a los interesados de los cursos, seminarios y actividades ofrecidos por AS SALGUEIRAS a trav\u00e9s de diversos medios como, entre otros, correo electr\u00f3nico, o cualquier otro medio de comunicaci\u00f3n electr\u00f3nica equivalente, como SMS, o a trav\u00e9s de la realizaci\u00f3n de llamadas telef\u00f3nicas.<\/li>\n<\/ul>\n<p>&nbsp;<\/p>\n<h5 class=\"my-3\">3. &#8211; \u00bfPor cu\u00e1nto tiempo trataremos sus datos personales?<\/h5>\n<p>Los datos proporcionados por los usuarios y visitantes se conservar\u00e1n mientras sean necesarios para la gesti\u00f3n de la actividad social solicitada, por ejemplo, solicitaremos sus datos identificativos y de contacto para gestionar visitas guiadas a nuestras instalaciones o la participaci\u00f3n en cursos terap\u00e9uticos o de formaci\u00f3n. Una vez finalizada dicha actividad, se mantendr\u00e1n bloqueados el tiempo estrictamente necesario que exija la normativa legal aplicable, momento en el cual se proceder\u00e1 a su supresi\u00f3n.<\/p>\n<p>En cualquier caso, ser\u00e1 el m\u00ednimo necesario exigido por la legislaci\u00f3n aplicable vigente, pudiendo mantenerse hasta: (i) 4 a\u00f1os (normativa administrativa en materia laboral y fiscal), (ii) 5 a\u00f1os (acciones personales sin plazo especial derivadas del art\u00edculo 1964 del C\u00f3digo Civil) y (iii) 6 a\u00f1os (normativa mercantil contable).<\/p>\n<p>En cualquier momento, el interesado que se haya suscritos a nuestro bolet\u00edn de noticias, podr\u00e1 oponerse al tratamiento de sus datos para el env\u00edo de informaci\u00f3n por parte de la AS SALGUEIRAS con el env\u00edo de un correo electr\u00f3nico a la direcci\u00f3n\u00a0<a href=\"mailto:privacidad@cetusglobal.com\">privacidad@cetusglobal.com<\/a>.<\/p>\n<h5 class=\"my-3\">4.- \u00bfCu\u00e1l es la legitimaci\u00f3n para el tratamiento de sus datos?<\/h5>\n<p>La base legal para el tratamiento de los datos de los usuarios y visitantes de AS SALGUEIRAS es el inter\u00e9s leg\u00edtimo que la Fundaci\u00f3n tiene en gestionar aquellas actividades que le son propias por su fin social y atender aquellas consultas y peticiones que les sean realizadas por usuarios y visitantes. El visitante o usuario estar\u00e1 obligado a facilitar sus datos personales a AS SALGUEIRAS para que \u00e9sta pueda gestionar la actividad o servicio solicitado, siendo imprescindible su tratamiento para la ejecuci\u00f3n del mismo.<\/p>\n<p>La base legal para el tratamiento de los datos de los visitantes y usuarios de AS SALGUEIRAS con la finalidad de env\u00edo de boletines informativos es el consentimiento expreso de los interesados.<\/p>\n<h5 class=\"my-3\">5.- Terceros que participan en el tratamiento de sus datos personales<\/h5>\n<p>Salvo obligaci\u00f3n legal, en ning\u00fan caso cederemos sus datos personales a otras personas o entidades sin su consentimiento previo.<\/p>\n<p>No obstante, para cumplir las finalidades descritas en esta Pol\u00edtica de Privacidad en algunos casos deberemos dar acceso a sus datos personales a entidades del GRUPO CETUS para poder atender su consulta, sugerencia o petici\u00f3n o a proveedores de servicio que nos prestan apoyo como encargados de tratamiento (por ej. proveedores de servicios tecnol\u00f3gicos).<\/p>\n<h5 class=\"my-3\">6.- Derechos del interesado<\/h5>\n<ul>\n<li>Derecho a solicitar el acceso a sus datos personales: usted podr\u00e1 preguntar a AS SALGUEIRAS si est\u00e1 tratando sus datos y qu\u00e9 datos trata.<\/li>\n<li>Derecho a solicitar la rectificaci\u00f3n de sus datos personales (si considera que son incorrectos) o su supresi\u00f3n (derecho al olvido).<\/li>\n<li>En determinadas circunstancias, derecho a limitar el tratamiento de sus datos personales, en cuyo caso \u00fanicamente ser\u00e1n conservados por la entidad para el ejercicio o la defensa de reclamaciones.<\/li>\n<li>En determinadas circunstancias y por motivos relacionados con su situaci\u00f3n particular, derecho a oponerse a su tratamiento: AS SALGUEIRAS dejar\u00e1 de tratar sus datos personales en la forma que usted nos indique, salvo que por motivos leg\u00edtimos imperiosos o el ejercicio de acciones legales o la defensa en posibles reclamaciones sea necesario continuar el tratamiento.<\/li>\n<li>Derecho a la portabilidad de datos: derecho a recibir los datos personales que incumben al interesado y que haya tratado AS SALGUEIRAS en un formato estructurado, de uso com\u00fan y lectura mec\u00e1nica y transmitirlos a otro responsable del tratamiento.<\/li>\n<li>El interesado podr\u00e1 ejercitar estos derechos mediante el env\u00edo de un correo electr\u00f3nico a la direcci\u00f3n\u00a0<a href=\"mailto:privacidad@cetusglobal.com\">privacidad@cetusglobal.com<\/a>\u00a0adjuntando copia del DNI o documento similar que lo identifique.<\/li>\n<li>Si el interesado no est\u00e1 de acuerdo con el modo en el que AS SALGUEIRAS est\u00e1 tratando sus datos, puede dirigirse al Responsable de Tratamiento en la direcci\u00f3n postal arriba indicada o a la Autoridad de Control en materia de Protecci\u00f3n de Datos que en Espa\u00f1a es la Agencia Espa\u00f1ola de Protecci\u00f3n de Datos.<\/li>\n<\/ul>\n<h5 class=\"my-3\">7.- \u00bfC\u00f3mo hemos obtenido sus datos?<\/h5>\n<p>Los datos personales que tratamos de los usuarios del sitio web son aportados directamente por el\/la interesado\/a y son los imprescindibles para la gestionar la petici\u00f3n o consulta formulada a trav\u00e9s del cuestionario o formulario web.<\/p>\n<h6 class=\"my-3\">Categor\u00edas de Datos<\/h6>\n<ul>\n<li>Identificaci\u00f3n:\u00a0nombre, apellidos.<\/li>\n<li>Contacto:\u00a0direcci\u00f3n postal, tel\u00e9fono, correo electr\u00f3nico.<\/li>\n<\/ul>\n<p>En su caso, cuando el interesado lo haya consentido de forma expresa, los datos que trataremos para gestionar el env\u00edo de boletines informativos son los descritos a continuaci\u00f3n.<\/p>\n<h6 class=\"my-3\">Categor\u00edas de Datos<\/h6>\n<ul>\n<li>Identificaci\u00f3n:\u00a0nombre, apellidos.<\/li>\n<li>Contacto:\u00a0direcci\u00f3n postal, tel\u00e9fono, correo electr\u00f3nico.<\/li>\n<\/ul>\n<p>[\/et_pb_text][\/et_pb_column][\/et_pb_row][\/et_pb_section]<\/p>\n","protected":false},"excerpt":{"rendered":"<p>En su calidad de Usuario, FUNDACI\u00d3N AS SALGUEIRAS le informa de su pol\u00edtica de protecci\u00f3n de datos de car\u00e1cter personal para que libre y voluntariamente pueda decidir facilitarnos, los datos personales que le podamos requerir para acceder a los distintos servicios y contenidos ofertados en nuestra p\u00e1gina web. Conforme a lo dispuesto en el Reglamento [&hellip;]<\/p>\n","protected":false},"author":3,"featured_media":0,"parent":0,"menu_order":0,"comment_status":"closed","ping_status":"closed","template":"","meta":{"_et_pb_use_builder":"on","_et_pb_old_content":"","_et_gb_content_width":"","_monsterinsights_skip_tracking":false,"_monsterinsights_sitenote_active":false,"_monsterinsights_sitenote_note":"","_monsterinsights_sitenote_category":0,"_uf_show_specific_survey":0,"_uf_disable_surveys":false,"footnotes":""},"class_list":["post-662","page","type-page","status-publish","hentry"],"yoast_head":"<!-- This site is optimized with the Yoast SEO plugin v27.5 - https:\/\/yoast.com\/product\/yoast-seo-wordpress\/ -->\n<title>Pol\u00edtica de Privacidad - As Salgueiras<\/title>\n<meta name=\"robots\" content=\"index, follow, max-snippet:-1, max-image-preview:large, max-video-preview:-1\" \/>\n<link rel=\"canonical\" href=\"https:\/\/salgueiras.org\/index.php\/politica-de-privacidad\/\" \/>\n<meta property=\"og:locale\" content=\"es_ES\" \/>\n<meta property=\"og:type\" content=\"article\" \/>\n<meta property=\"og:title\" content=\"Pol\u00edtica de Privacidad - As Salgueiras\" \/>\n<meta property=\"og:description\" content=\"En su calidad de Usuario, FUNDACI\u00d3N AS SALGUEIRAS le informa de su pol\u00edtica de protecci\u00f3n de datos de car\u00e1cter personal para que libre y voluntariamente pueda decidir facilitarnos, los datos personales que le podamos requerir para acceder a los distintos servicios y contenidos ofertados en nuestra p\u00e1gina web. Conforme a lo dispuesto en el Reglamento [&hellip;]\" \/>\n<meta property=\"og:url\" content=\"https:\/\/salgueiras.org\/index.php\/politica-de-privacidad\/\" \/>\n<meta property=\"og:site_name\" content=\"As Salgueiras\" \/>\n<meta property=\"article:modified_time\" content=\"2025-03-07T10:32:35+00:00\" \/>\n<meta name=\"twitter:card\" content=\"summary_large_image\" \/>\n<meta name=\"twitter:label1\" content=\"Tiempo de lectura\" \/>\n\t<meta name=\"twitter:data1\" content=\"6 minutos\" \/>\n<script type=\"application\/ld+json\" class=\"yoast-schema-graph\">{\"@context\":\"https:\\\/\\\/schema.org\",\"@graph\":[{\"@type\":\"WebPage\",\"@id\":\"https:\\\/\\\/salgueiras.org\\\/index.php\\\/politica-de-privacidad\\\/\",\"url\":\"https:\\\/\\\/salgueiras.org\\\/index.php\\\/politica-de-privacidad\\\/\",\"name\":\"Pol\u00edtica de Privacidad - As Salgueiras\",\"isPartOf\":{\"@id\":\"https:\\\/\\\/salgueiras.org\\\/#website\"},\"datePublished\":\"2025-03-07T10:15:58+00:00\",\"dateModified\":\"2025-03-07T10:32:35+00:00\",\"breadcrumb\":{\"@id\":\"https:\\\/\\\/salgueiras.org\\\/index.php\\\/politica-de-privacidad\\\/#breadcrumb\"},\"inLanguage\":\"es\",\"potentialAction\":[{\"@type\":\"ReadAction\",\"target\":[\"https:\\\/\\\/salgueiras.org\\\/index.php\\\/politica-de-privacidad\\\/\"]}]},{\"@type\":\"BreadcrumbList\",\"@id\":\"https:\\\/\\\/salgueiras.org\\\/index.php\\\/politica-de-privacidad\\\/#breadcrumb\",\"itemListElement\":[{\"@type\":\"ListItem\",\"position\":1,\"name\":\"Portada\",\"item\":\"https:\\\/\\\/salgueiras.org\\\/\"},{\"@type\":\"ListItem\",\"position\":2,\"name\":\"Pol\u00edtica de Privacidad\"}]},{\"@type\":\"WebSite\",\"@id\":\"https:\\\/\\\/salgueiras.org\\\/#website\",\"url\":\"https:\\\/\\\/salgueiras.org\\\/\",\"name\":\"As Salgueiras\",\"description\":\"La Fundaci\u00f3n en Entorno Verde\",\"potentialAction\":[{\"@type\":\"SearchAction\",\"target\":{\"@type\":\"EntryPoint\",\"urlTemplate\":\"https:\\\/\\\/salgueiras.org\\\/?s={search_term_string}\"},\"query-input\":{\"@type\":\"PropertyValueSpecification\",\"valueRequired\":true,\"valueName\":\"search_term_string\"}}],\"inLanguage\":\"es\"}]}<\/script>\n<!-- \/ Yoast SEO plugin. -->","yoast_head_json":{"title":"Pol\u00edtica de Privacidad - As Salgueiras","robots":{"index":"index","follow":"follow","max-snippet":"max-snippet:-1","max-image-preview":"max-image-preview:large","max-video-preview":"max-video-preview:-1"},"canonical":"https:\/\/salgueiras.org\/index.php\/politica-de-privacidad\/","og_locale":"es_ES","og_type":"article","og_title":"Pol\u00edtica de Privacidad - As Salgueiras","og_description":"En su calidad de Usuario, FUNDACI\u00d3N AS SALGUEIRAS le informa de su pol\u00edtica de protecci\u00f3n de datos de car\u00e1cter personal para que libre y voluntariamente pueda decidir facilitarnos, los datos personales que le podamos requerir para acceder a los distintos servicios y contenidos ofertados en nuestra p\u00e1gina web. Conforme a lo dispuesto en el Reglamento [&hellip;]","og_url":"https:\/\/salgueiras.org\/index.php\/politica-de-privacidad\/","og_site_name":"As Salgueiras","article_modified_time":"2025-03-07T10:32:35+00:00","twitter_card":"summary_large_image","twitter_misc":{"Tiempo de lectura":"6 minutos"},"schema":{"@context":"https:\/\/schema.org","@graph":[{"@type":"WebPage","@id":"https:\/\/salgueiras.org\/index.php\/politica-de-privacidad\/","url":"https:\/\/salgueiras.org\/index.php\/politica-de-privacidad\/","name":"Pol\u00edtica de Privacidad - As Salgueiras","isPartOf":{"@id":"https:\/\/salgueiras.org\/#website"},"datePublished":"2025-03-07T10:15:58+00:00","dateModified":"2025-03-07T10:32:35+00:00","breadcrumb":{"@id":"https:\/\/salgueiras.org\/index.php\/politica-de-privacidad\/#breadcrumb"},"inLanguage":"es","potentialAction":[{"@type":"ReadAction","target":["https:\/\/salgueiras.org\/index.php\/politica-de-privacidad\/"]}]},{"@type":"BreadcrumbList","@id":"https:\/\/salgueiras.org\/index.php\/politica-de-privacidad\/#breadcrumb","itemListElement":[{"@type":"ListItem","position":1,"name":"Portada","item":"https:\/\/salgueiras.org\/"},{"@type":"ListItem","position":2,"name":"Pol\u00edtica de Privacidad"}]},{"@type":"WebSite","@id":"https:\/\/salgueiras.org\/#website","url":"https:\/\/salgueiras.org\/","name":"As Salgueiras","description":"La Fundaci\u00f3n en Entorno Verde","potentialAction":[{"@type":"SearchAction","target":{"@type":"EntryPoint","urlTemplate":"https:\/\/salgueiras.org\/?s={search_term_string}"},"query-input":{"@type":"PropertyValueSpecification","valueRequired":true,"valueName":"search_term_string"}}],"inLanguage":"es"}]}},"_links":{"self":[{"href":"https:\/\/salgueiras.org\/index.php\/wp-json\/wp\/v2\/pages\/662","targetHints":{"allow":["GET"]}}],"collection":[{"href":"https:\/\/salgueiras.org\/index.php\/wp-json\/wp\/v2\/pages"}],"about":[{"href":"https:\/\/salgueiras.org\/index.php\/wp-json\/wp\/v2\/types\/page"}],"author":[{"embeddable":true,"href":"https:\/\/salgueiras.org\/index.php\/wp-json\/wp\/v2\/users\/3"}],"replies":[{"embeddable":true,"href":"https:\/\/salgueiras.org\/index.php\/wp-json\/wp\/v2\/comments?post=662"}],"version-history":[{"count":0,"href":"https:\/\/salgueiras.org\/index.php\/wp-json\/wp\/v2\/pages\/662\/revisions"}],"wp:attachment":[{"href":"https:\/\/salgueiras.org\/index.php\/wp-json\/wp\/v2\/media?parent=662"}],"curies":[{"name":"wp","href":"https:\/\/api.w.org\/{rel}","templated":true}]}}